{"id":183,"date":"2025-09-02T13:00:54","date_gmt":"2025-09-02T13:00:54","guid":{"rendered":"https:\/\/seaja.org\/?page_id=183"},"modified":"2026-03-31T13:33:05","modified_gmt":"2026-03-31T11:33:05","slug":"le-bassin-de-lorpholinat-de-kampong-thom","status":"publish","type":"page","link":"https:\/\/seaja.org\/fr\/le-bassin-de-lorpholinat-de-kampong-thom\/","title":{"rendered":"R\u00e9paration du bassin de l&rsquo;orphelinat de Kampong Thom"},"content":{"rendered":"\n<figure class=\"wp-block-image alignfull size-large\"><img fetchpriority=\"high\" decoding=\"async\" width=\"1024\" height=\"512\" src=\"https:\/\/seaja.org\/wp-content\/uploads\/2025\/09\/IMG-20190427-WA0000-1-1024x512.jpg\" alt=\"\" class=\"wp-image-794\" srcset=\"https:\/\/seaja.org\/wp-content\/uploads\/2025\/09\/IMG-20190427-WA0000-1-1024x512.jpg 1024w, https:\/\/seaja.org\/wp-content\/uploads\/2025\/09\/IMG-20190427-WA0000-1-300x150.jpg 300w, https:\/\/seaja.org\/wp-content\/uploads\/2025\/09\/IMG-20190427-WA0000-1-768x384.jpg 768w, https:\/\/seaja.org\/wp-content\/uploads\/2025\/09\/IMG-20190427-WA0000-1.jpg 1152w\" sizes=\"(max-width: 1024px) 100vw, 1024px\" \/><\/figure>\n\n\n\n<div class=\"wp-block-group alignfull has-background-background-color has-background has-global-padding is-layout-constrained wp-container-core-group-is-layout-fb85e995 wp-block-group-is-layout-constrained\" style=\"margin-top:0;margin-bottom:0;padding-top:var(--wp--preset--spacing--60);padding-right:var(--wp--preset--spacing--30);padding-bottom:var(--wp--preset--spacing--60);padding-left:var(--wp--preset--spacing--30)\">\n<div class=\"wp-block-columns alignwide is-layout-flex wp-container-core-columns-is-layout-28f84493 wp-block-columns-is-layout-flex\">\n<div class=\"wp-block-column is-vertically-aligned-center is-layout-flow wp-block-column-is-layout-flow\">\n<h1 class=\"wp-block-heading has-text-align-left has-large-font-size\">L&rsquo;essentiel projet de r\u00e9paration du bassin \u00e0 Kampong Thom<\/h1>\n\n\n\n<p class=\"has-text-align-left\" style=\"margin-top:16px\">SEAJA pr\u00e9voit de consolider le bassin de l&rsquo;orphelinat, un \u00e9l\u00e9ment crucial qui fournit \u00e0 la saison s\u00e8che avril\/mai, une grande quantit\u00e9 de poissons. Ces poissons sont ensuite s\u00e9ch\u00e9s pour constituer <mark style=\"background-color:rgba(0, 0, 0, 0)\" class=\"has-inline-color has-foreground-color\">un compl\u00e9ment alimentaire essentiel pour les enfants<\/mark>. Ce bassin, fortement endommag\u00e9, requiert une consolidation majeure afin d&rsquo;assurer sa durabilit\u00e9 et la continuit\u00e9 de cette ressource vitale.<\/p>\n<\/div>\n\n\n\n<div class=\"wp-block-column is-layout-flow wp-block-column-is-layout-flow\">\n<figure class=\"wp-block-image aligncenter size-large is-style-default\"><img decoding=\"async\" width=\"1024\" height=\"768\" src=\"https:\/\/seaja.org\/wp-content\/uploads\/2025\/09\/20181127_170005-edited-1024x768.jpg\" alt=\"Essentiel le bassin de l'orphelinat\" class=\"wp-image-186\" style=\"aspect-ratio:16\/9;object-fit:cover\" srcset=\"https:\/\/seaja.org\/wp-content\/uploads\/2025\/09\/20181127_170005-edited-1024x768.jpg 1024w, https:\/\/seaja.org\/wp-content\/uploads\/2025\/09\/20181127_170005-edited-300x225.jpg 300w, https:\/\/seaja.org\/wp-content\/uploads\/2025\/09\/20181127_170005-edited-768x576.jpg 768w, https:\/\/seaja.org\/wp-content\/uploads\/2025\/09\/20181127_170005-edited.jpg 1536w\" sizes=\"(max-width: 1024px) 100vw, 1024px\" \/><\/figure>\n<\/div>\n<\/div>\n<\/div>\n\n\n\n<div class=\"wp-block-group alignfull has-tertiary-background-color has-background has-global-padding is-layout-constrained wp-container-core-group-is-layout-7276a2bb wp-block-group-is-layout-constrained\" style=\"margin-top:0;margin-bottom:0;padding-top:var(--wp--preset--spacing--60);padding-right:var(--wp--preset--spacing--30);padding-bottom:var(--wp--preset--spacing--60);padding-left:var(--wp--preset--spacing--30)\">\n<div class=\"wp-block-columns alignwide is-layout-flex wp-container-core-columns-is-layout-e5e9f4b6 wp-block-columns-is-layout-flex\" style=\"margin-top:var(--wp--preset--spacing--50)\">\n<div class=\"wp-block-column is-layout-flow wp-block-column-is-layout-flow\">\n<h2 class=\"wp-block-heading has-large-font-size\">D\u00e9couvrez le projet de r\u00e9paration du bassin <\/h2>\n\n\n\n<p style=\"margin-top:16px\">Lors de notre visite en 2019, nous avions convenu de collecter les fonds n\u00e9cessaires \u00e0 la r\u00e9fection du bassin, d\u00e9j\u00e0 tr\u00e8s d\u00e9grad\u00e9, notamment c\u00f4t\u00e9 route. Puis est arriv\u00e9e la COVID\u2026 Le dernier \u00e9tat des lieux, r\u00e9alis\u00e9 en juin 2025, r\u00e9v\u00e8le malheureusement que l&rsquo;effondrement concerne d\u00e9sormais la totalit\u00e9 de ses murs.<\/p>\n\n\n\n<figure class=\"wp-block-image size-large\"><img decoding=\"async\" width=\"864\" height=\"576\" src=\"https:\/\/seaja.org\/wp-content\/uploads\/2025\/09\/fish3-edited-1.jpg\" alt=\"\" class=\"wp-image-335\" srcset=\"https:\/\/seaja.org\/wp-content\/uploads\/2025\/09\/fish3-edited-1.jpg 864w, https:\/\/seaja.org\/wp-content\/uploads\/2025\/09\/fish3-edited-1-300x200.jpg 300w, https:\/\/seaja.org\/wp-content\/uploads\/2025\/09\/fish3-edited-1-768x512.jpg 768w\" sizes=\"(max-width: 864px) 100vw, 864px\" \/><\/figure>\n\n\n\n<h4 class=\"wp-block-heading has-small-font-size\" style=\"margin-top:24px;font-style:normal;font-weight:400\">Pour poursuivre ces p\u00eaches abondantes si essentielles\u2026en 2019<\/h4>\n\n\n\n<h3 class=\"wp-block-heading has-medium-font-size\" style=\"margin-top:12px\">R\u00e9parons ensemble ce bassin !<\/h3>\n\n\n\n<figure class=\"wp-block-image size-large\"><img loading=\"lazy\" decoding=\"async\" width=\"864\" height=\"576\" src=\"https:\/\/seaja.org\/wp-content\/uploads\/2025\/09\/IMG-20190427-WA0003-edited.jpg\" alt=\"\" class=\"wp-image-336\" srcset=\"https:\/\/seaja.org\/wp-content\/uploads\/2025\/09\/IMG-20190427-WA0003-edited.jpg 864w, https:\/\/seaja.org\/wp-content\/uploads\/2025\/09\/IMG-20190427-WA0003-edited-300x200.jpg 300w, https:\/\/seaja.org\/wp-content\/uploads\/2025\/09\/IMG-20190427-WA0003-edited-768x512.jpg 768w\" sizes=\"(max-width: 864px) 100vw, 864px\" \/><\/figure>\n\n\n\n<h4 class=\"wp-block-heading has-small-font-size\" style=\"margin-top:24px;font-style:normal;font-weight:400\">Avec Ramine, notre cher ami et directeur de l&rsquo;orphelinat, ainsi qu&rsquo;un p\u00eacheur passionn\u00e9 en 2019<\/h4>\n\n\n\n<h3 class=\"wp-block-heading has-medium-font-size\" style=\"margin-top:12px\">Pour conserver un moyen de subsistance appr\u00e9ciable<\/h3>\n<\/div>\n\n\n\n<div class=\"wp-block-column is-layout-flow wp-block-column-is-layout-flow\">\n<figure class=\"wp-block-image size-large\"><img loading=\"lazy\" decoding=\"async\" width=\"2560\" height=\"1707\" src=\"https:\/\/seaja.org\/wp-content\/uploads\/2025\/09\/20250627_105912-edited-scaled.jpg\" alt=\"\" class=\"wp-image-337\" srcset=\"https:\/\/seaja.org\/wp-content\/uploads\/2025\/09\/20250627_105912-edited-scaled.jpg 2560w, https:\/\/seaja.org\/wp-content\/uploads\/2025\/09\/20250627_105912-edited-300x200.jpg 300w, https:\/\/seaja.org\/wp-content\/uploads\/2025\/09\/20250627_105912-edited-1024x683.jpg 1024w, https:\/\/seaja.org\/wp-content\/uploads\/2025\/09\/20250627_105912-edited-768x512.jpg 768w, https:\/\/seaja.org\/wp-content\/uploads\/2025\/09\/20250627_105912-edited-1536x1024.jpg 1536w, https:\/\/seaja.org\/wp-content\/uploads\/2025\/09\/20250627_105912-edited-2048x1365.jpg 2048w\" sizes=\"(max-width: 2560px) 100vw, 2560px\" \/><\/figure>\n\n\n\n<h4 class=\"wp-block-heading has-small-font-size\" style=\"margin-top:24px;font-style:normal;font-weight:400\">\u00c9tat des lieux des b\u00e2timents \u2013 photo prise en juin 2025<\/h4>\n\n\n\n<h3 class=\"wp-block-heading has-medium-font-size\" style=\"margin-top:12px\">R\u00e9paration du mur endommag\u00e9<\/h3>\n\n\n\n<figure class=\"wp-block-image size-large\"><img loading=\"lazy\" decoding=\"async\" width=\"2560\" height=\"1707\" src=\"https:\/\/seaja.org\/wp-content\/uploads\/2025\/09\/20250627_105849-edited-1-scaled.jpg\" alt=\"\" class=\"wp-image-338\" srcset=\"https:\/\/seaja.org\/wp-content\/uploads\/2025\/09\/20250627_105849-edited-1-scaled.jpg 2560w, https:\/\/seaja.org\/wp-content\/uploads\/2025\/09\/20250627_105849-edited-1-300x200.jpg 300w, https:\/\/seaja.org\/wp-content\/uploads\/2025\/09\/20250627_105849-edited-1-1024x683.jpg 1024w, https:\/\/seaja.org\/wp-content\/uploads\/2025\/09\/20250627_105849-edited-1-768x512.jpg 768w, https:\/\/seaja.org\/wp-content\/uploads\/2025\/09\/20250627_105849-edited-1-1536x1024.jpg 1536w, https:\/\/seaja.org\/wp-content\/uploads\/2025\/09\/20250627_105849-edited-1-2048x1365.jpg 2048w\" sizes=\"(max-width: 2560px) 100vw, 2560px\" \/><\/figure>\n\n\n\n<h4 class=\"wp-block-heading has-small-font-size\" style=\"margin-top:24px;font-style:normal;font-weight:400\">Juin 2025<\/h4>\n\n\n\n<h3 class=\"wp-block-heading has-medium-font-size\" style=\"margin-top:12px\">Pr\u00e9venir l&rsquo;inondation des b\u00e2timents environnants<\/h3>\n<\/div>\n<\/div>\n\n\n\n<div class=\"wp-block-columns alignwide is-layout-flex wp-container-core-columns-is-layout-e5e9f4b6 wp-block-columns-is-layout-flex\" style=\"margin-top:var(--wp--preset--spacing--50)\">\n<div class=\"wp-block-column is-layout-flow wp-block-column-is-layout-flow\"><\/div>\n\n\n\n<div class=\"wp-block-column is-layout-flow wp-block-column-is-layout-flow\"><\/div>\n<\/div>\n<\/div>\n\n\n\n<div class=\"wp-block-group alignfull has-background-background-color has-background has-global-padding is-layout-constrained wp-container-core-group-is-layout-7276a2bb wp-block-group-is-layout-constrained\" style=\"margin-top:0;margin-bottom:0;padding-top:var(--wp--preset--spacing--60);padding-right:var(--wp--preset--spacing--30);padding-bottom:var(--wp--preset--spacing--60);padding-left:var(--wp--preset--spacing--30)\">\n<div class=\"wp-block-group alignwide has-global-padding is-content-justification-center is-layout-constrained wp-block-group-is-layout-constrained\">\n<h2 class=\"wp-block-heading has-text-align-center has-large-font-size\">Les chiffres cl\u00e9s du projet de r\u00e9habilitation du bassin<\/h2>\n\n\n\n<p class=\"has-text-align-center\" style=\"margin-top:16px\">Les donn\u00e9es essentielles illustrant cette importante \u00e9tape de la r\u00e9novation du bassin de l\u2019orphelinat de Kampong Thom.<\/p>\n<\/div>\n\n\n\n<div class=\"wp-block-columns alignwide is-layout-flex wp-container-core-columns-is-layout-87beb0d0 wp-block-columns-is-layout-flex\">\n<div class=\"wp-block-column has-tertiary-background-color has-background is-layout-flow wp-block-column-is-layout-flow\">\n<div class=\"wp-block-group has-global-padding is-layout-constrained wp-container-core-group-is-layout-659b56d5 wp-block-group-is-layout-constrained\" style=\"padding-top:var(--wp--preset--spacing--30);padding-right:24px;padding-bottom:var(--wp--preset--spacing--30);padding-left:24px\">\n<h3 class=\"wp-block-heading has-text-align-center has-primary-color has-text-color has-x-large-font-size\">76<\/h3>\n\n\n\n<h3 class=\"wp-block-heading has-text-align-center has-medium-font-size\" style=\"margin-top:16px\">Enfants b\u00e9n\u00e9ficiaires<\/h3>\n\n\n\n<p class=\"has-text-align-center has-small-font-size\" style=\"margin-top:8px\">Nombre d\u2019enfants dont les conditions de vie seront am\u00e9lior\u00e9es gr\u00e2ce aux travaux.<\/p>\n<\/div>\n<\/div>\n\n\n\n<div class=\"wp-block-column has-tertiary-background-color has-background is-layout-flow wp-block-column-is-layout-flow\">\n<div class=\"wp-block-group has-global-padding is-layout-constrained wp-container-core-group-is-layout-659b56d5 wp-block-group-is-layout-constrained\" style=\"padding-top:var(--wp--preset--spacing--30);padding-right:24px;padding-bottom:var(--wp--preset--spacing--30);padding-left:24px\">\n<h3 class=\"wp-block-heading has-text-align-center has-primary-color has-text-color has-x-large-font-size\">8 000 euros<\/h3>\n\n\n\n<h3 class=\"wp-block-heading has-text-align-center has-medium-font-size\" style=\"margin-top:16px\">Le budget<\/h3>\n\n\n\n<p class=\"has-text-align-center has-small-font-size\" style=\"margin-top:8px\">Montant n\u00e9cessaire pour r\u00e9aliser les travaux d\u00e9crits<\/p>\n<\/div>\n<\/div>\n<\/div>\n<\/div>\n\n\n\n<div class=\"wp-block-group alignfull has-tertiary-background-color has-background has-global-padding is-layout-constrained wp-container-core-group-is-layout-9b19db8b wp-block-group-is-layout-constrained\" style=\"margin-top:0;margin-bottom:0;padding-top:var(--wp--preset--spacing--60);padding-right:var(--wp--preset--spacing--30);padding-bottom:var(--wp--preset--spacing--60);padding-left:var(--wp--preset--spacing--30)\">\n<div class=\"wp-block-media-text alignwide has-media-on-the-right is-stacked-on-mobile is-vertically-aligned-center is-image-fill-element\" style=\"padding-right:0;padding-left:0;grid-template-columns:auto 40%\"><div class=\"wp-block-media-text__content\">\n<div class=\"wp-block-group has-global-padding is-content-justification-left is-layout-constrained wp-container-core-group-is-layout-cdff7eec wp-block-group-is-layout-constrained\" style=\"padding-top:var(--wp--preset--spacing--30);padding-right:0;padding-bottom:var(--wp--preset--spacing--30);padding-left:0\">\n<h2 class=\"wp-block-heading has-large-font-size\">Faire un don<\/h2>\n\n\n\n<p style=\"margin-top:16px\">SEAJA PROJECTS s\u2019engage \u00e0 cr\u00e9er et g\u00e9rer des projets en Asie, apportant espoir et d\u00e9veloppement aux enfants et leurs familles dans le besoin.<\/p>\n\n\n\n<div class=\"wp-block-buttons is-layout-flex wp-container-core-buttons-is-layout-12dcd427 wp-block-buttons-is-layout-flex\" style=\"margin-top:var(--wp--preset--spacing--40)\">\n<div class=\"wp-block-button\"><a class=\"wp-block-button__link wp-element-button\" href=\"https:\/\/www.helloasso.com\/beta\/associations\/solidarite-enfants-d-asie-avec-joseph-et-agnes\/formulaires\/2\" target=\"_blank\" rel=\"noreferrer noopener\">Faire un don<\/a><\/div>\n<\/div>\n<\/div>\n<\/div><figure class=\"wp-block-media-text__media\"><img loading=\"lazy\" decoding=\"async\" width=\"1024\" height=\"512\" src=\"https:\/\/seaja.org\/wp-content\/uploads\/2025\/09\/IMG-20190427-WA0004-1-1024x512.jpg\" alt=\"\" class=\"wp-image-792 size-full\" style=\"object-position:50% 50%\" srcset=\"https:\/\/seaja.org\/wp-content\/uploads\/2025\/09\/IMG-20190427-WA0004-1-1024x512.jpg 1024w, https:\/\/seaja.org\/wp-content\/uploads\/2025\/09\/IMG-20190427-WA0004-1-300x150.jpg 300w, https:\/\/seaja.org\/wp-content\/uploads\/2025\/09\/IMG-20190427-WA0004-1-768x384.jpg 768w, https:\/\/seaja.org\/wp-content\/uploads\/2025\/09\/IMG-20190427-WA0004-1.jpg 1152w\" sizes=\"(max-width: 1024px) 100vw, 1024px\" \/><\/figure><\/div>\n<\/div>\n","protected":false},"excerpt":{"rendered":"<p>L&rsquo;essentiel projet de r\u00e9paration du bassin \u00e0 Kampong Thom SEAJA pr\u00e9voit de consolider le bassin de l&rsquo;orphelinat, un \u00e9l\u00e9ment crucial qui fournit \u00e0 la saison s\u00e8che avril\/mai, une grande quantit\u00e9 de poissons. Ces poissons sont ensuite s\u00e9ch\u00e9s pour constituer un compl\u00e9ment alimentaire essentiel pour les enfants. Ce bassin, fortement endommag\u00e9, requiert une consolidation majeure afin [&hellip;]<\/p>\n","protected":false},"author":1,"featured_media":0,"parent":0,"menu_order":0,"comment_status":"closed","ping_status":"closed","template":"page-with-title","meta":{"give_campaign_id":0,"om_disable_all_campaigns":false,"_monsterinsights_skip_tracking":false,"_monsterinsights_sitenote_active":false,"_monsterinsights_sitenote_note":"","_monsterinsights_sitenote_category":0,"footnotes":""},"class_list":["post-183","page","type-page","status-publish","hentry"],"aioseo_notices":[],"campaignId":"","_links":{"self":[{"href":"https:\/\/seaja.org\/fr\/wp-json\/wp\/v2\/pages\/183","targetHints":{"allow":["GET"]}}],"collection":[{"href":"https:\/\/seaja.org\/fr\/wp-json\/wp\/v2\/pages"}],"about":[{"href":"https:\/\/seaja.org\/fr\/wp-json\/wp\/v2\/types\/page"}],"author":[{"embeddable":true,"href":"https:\/\/seaja.org\/fr\/wp-json\/wp\/v2\/users\/1"}],"replies":[{"embeddable":true,"href":"https:\/\/seaja.org\/fr\/wp-json\/wp\/v2\/comments?post=183"}],"version-history":[{"count":29,"href":"https:\/\/seaja.org\/fr\/wp-json\/wp\/v2\/pages\/183\/revisions"}],"predecessor-version":[{"id":1843,"href":"https:\/\/seaja.org\/fr\/wp-json\/wp\/v2\/pages\/183\/revisions\/1843"}],"wp:attachment":[{"href":"https:\/\/seaja.org\/fr\/wp-json\/wp\/v2\/media?parent=183"}],"curies":[{"name":"wp","href":"https:\/\/api.w.org\/{rel}","templated":true}]}}